{"id":110,"date":"2015-01-29T13:15:04","date_gmt":"2015-01-29T12:15:04","guid":{"rendered":"http:\/\/wordpress.liederkranz-ehningen.de\/?page_id=110"},"modified":"2025-09-16T13:32:08","modified_gmt":"2025-09-16T12:32:08","slug":"impressum","status":"publish","type":"page","link":"https:\/\/www.liederkranz-ehningen.de\/?page_id=110","title":{"rendered":"Impressum\/Datenschutz"},"content":{"rendered":"<p>LIEDERKRANZ EHNINGEN e.V.<br \/>\nGartenstr. 11<br \/>\n71139 Ehningen<br \/>\nTelefon: 0176 42639904<br \/>\nEmail: <a href=\"mailto:manfredk.lke@outlook.com\">manfredk.lke@outlook.com<\/a><br \/>\nInternet: <a href=\"http:\/\/www.liederkranz-ehningen.de\" target=\"_blank\" rel=\"noopener noreferrer\">www.liederkranz-ehningen.de <\/a><\/p>\n<p>Registergericht: Amtsgericht B\u00f6blingen, Registernummer VR 805.<br \/>\nUSt-ID LIEDERKRANZ EHNINGEN e.V. gem. \u00a7 27a UStG \u2013 Steuer-Nr.: FA B\u00f6blingen 56002\/01622<br \/>\nBankverbindung: Ehninger Bank eG \u2013 BIC: GENODES1EHN \u2013 IBAN: DE63600693550004535006<\/p>\n<p>Der Verein wird gem\u00e4\u00df \u00a7 26 BGB satzungsgem\u00e4\u00df durch den gesch\u00e4ftsf\u00fchrenden Vorstand vertreten, der aus der\/dem 1. Vorsitzenden, der\/dem stellvertretenden Vorsitzenden, der\/dem Kassenf\u00fchrer\/in und der\/dem Schriftf\u00fchrerin besteht. Im Au\u00dfenverh\u00e4ltnis wird der Verein gem\u00e4\u00df \u00a7 8 Abs. 3 Satz 2 der Satzung durch jedes Mitglied des gesch\u00e4ftsf\u00fchrenden Vorstands allein vertreten.<\/p>\n<p>Mitglieder des gesch\u00e4ftsf\u00fchrenden Vorstands des LIEDERKRANZ EHNINGEN e.V. sind:<\/p>\n<ul>\n<li><strong>Vorsitzender:<\/strong><br \/>\nManfred Klinger, Weinbergweg 13, 71139 Ehningen,<br \/>\nTel. 0176 42639904,<br \/>\neMail:&nbsp; <a href=\"mailto:manfredk.lke@outlook.com\">manfredk.lke@outlook.com<\/a><\/li>\n<li><strong>Vorsitzende:<\/strong><br \/>\nCarmen Hartmann, Weinbergweg 11, 71139 Ehningen,<br \/>\nTel. 07034\/31324<br \/>\neMail:&nbsp; carmen.chor@online.de<\/li>\n<li><strong>Kassenf\u00fchrerin:<\/strong><br \/>\nChristel Stoll, Brunnenstr 18, 71032 B\u00f6blingen<br \/>\nTel. 07034\/9548489<br \/>\neMail: christel.stoll@e-mail.de<\/li>\n<li><strong>Schriftf\u00fchrer:<\/strong><br \/>\nGeorg V\u00f6lker, Herdweg 27, 71139 Ehningen<br \/>\nTel. 0175 61 43 632<br \/>\neMail:&nbsp; post@georg-voelker.de<\/li>\n<\/ul>\n<p>Verantwortlicher f\u00fcr LIEDERKRANZ EHNINGEN e.V. f\u00fcr journalistisch-redaktionelle Inhalte iSd. \u00a7 55 II RStV:<br \/>\nManfred Klinger, Weinbergweg 13, 71139 Ehningen, Tel. 0176 42639904, manfredk.lke@outlook.com.<\/p>\n<p>Der LIEDERKRANZ EHNINGEN e.V. ist Mitglied im Chorverband Otto Elben e.V., im Schw\u00e4bischen Chorverband e.V. und im Deutschen Chorverband e.V..<\/p>\n<hr>\n<p><strong><span style=\"color: #3e9bd0;\">Weitere Hinweise:<\/span><\/strong><\/p>\n<h3>1. Inhalt des Onlineangebotes<\/h3>\n<p>Der Autor \u00fcbernimmt keinerlei Gew\u00e4hr f\u00fcr die Aktualit\u00e4t, Korrektheit, Vollst\u00e4ndigkeit oder Qualit\u00e4t der bereitgestellten Informationen. Haftungsanspr\u00fcche gegen den Autor, welche sich auf Sch\u00e4den materieller oder ideeller Art beziehen, die durch die Nutzung oder Nichtnutzung der dargebotenen Informationen bzw. durch die Nutzung fehlerhafter und unvollst\u00e4ndiger Informationen verursacht wurden, sind grunds\u00e4tzlich ausgeschlossen, sofern seitens des Autors kein nachweislich vors\u00e4tzliches oder grob fahrl\u00e4ssiges Verschulden vorliegt.<br \/>\nAlle Angebote sind freibleibend und unverbindlich. Der Autor beh\u00e4lt es sich ausdr\u00fccklich vor, Teile der Seiten oder das gesamte Angebot ohne gesonderte Ank\u00fcndigung zu ver\u00e4ndern, zu erg\u00e4nzen, zu l\u00f6schen oder die Ver\u00f6ffentlichung zeitweise oder endg\u00fcltig einzustellen.<\/p>\n<h3>2. Verweise und Links<\/h3>\n<p>Bei direkten oder indirekten Verweisen auf fremde Webseiten (&#8222;Hyperlinks&#8220;), die au\u00dferhalb des Verantwortungsbereiches des Autors liegen, w\u00fcrde eine Haftungsverpflichtung ausschlie\u00dflich in dem Fall in Kraft treten, in dem der Autor von den Inhalten Kenntnis hat und es ihm technisch m\u00f6glich und zumutbar w\u00e4re, die Nutzung im Falle rechtswidriger Inhalte zu verhindern.<br \/>\nDer Autor erkl\u00e4rt hiermit ausdr\u00fccklich, dass zum Zeitpunkt der Linksetzung keine illegalen Inhalte auf den zu verlinkenden Seiten erkennbar waren. Auf die aktuelle und zuk\u00fcnftige Gestaltung, die Inhalte oder die Urheberschaft der gelinkten\/verkn\u00fcpften Seiten hat der Autor keinerlei Einfluss. Deshalb distanziert er sich hiermit ausdr\u00fccklich von allen Inhalten aller gelinkten \/verkn\u00fcpften Seiten, die nach der Linksetzung ver\u00e4ndert wurden. Diese Feststellung gilt f\u00fcr alle innerhalb des eigenen Internetangebotes gesetzten Links und Verweise sowie f\u00fcr Fremdeintr\u00e4ge in vom Autor eingerichteten G\u00e4steb\u00fcchern, Diskussionsforen und Mailinglisten. F\u00fcr illegale, fehlerhafte oder unvollst\u00e4ndige Inhalte und insbesondere f\u00fcr Sch\u00e4den, die aus der Nutzung oder Nichtnutzung solcherart dargebotener Informationen entstehen, haftet allein der Anbieter der Seite, auf welche verwiesen wurde, nicht derjenige, der \u00fcber Links auf die jeweilige Ver\u00f6ffentlichung lediglich verweist.<\/p>\n<h3>3. Urheber- und Kennzeichenrecht<\/h3>\n<p>Der Autor ist bestrebt, in allen Publikationen die Urheberrechte der verwendeten Grafiken, Tondokumente, Videosequenzen und Texte zu beachten, von ihm selbst erstellte Grafiken, Tondokumente, Videosequenzen und Texte zu nutzen oder auf lizenzfreie Grafiken, Tondokumente, Videosequenzen und Texte zur\u00fcckzugreifen.<br \/>\nAlle innerhalb des Internetangebotes genannten und ggf. durch Dritte gesch\u00fctzten Marken- und Warenzeichen unterliegen uneingeschr\u00e4nkt den Bestimmungen des jeweils g\u00fcltigen Kennzeichenrechts und den Besitzrechten der jeweiligen eingetragenen Eigent\u00fcmer. Allein aufgrund der blo\u00dfen Nennung ist nicht der Schluss zu ziehen, dass Markenzeichen nicht durch Rechte Dritter gesch\u00fctzt sind!<br \/>\nDas Copyright f\u00fcr ver\u00f6ffentlichte, vom Autor selbst erstellte Objekte bleibt allein beim Autor der Seiten. Eine Vervielf\u00e4ltigung oder Verwendung solcher Grafiken, Tondokumente, Videosequenzen und Texte in anderen elektronischen oder gedruckten Publikationen ist ohne ausdr\u00fcckliche Zustimmung des Autors nicht gestattet.<\/p>\n<h3>4. Datenschutz<\/h3>\n<h4 align=\"left\">4.1 Allgemeines<\/h4>\n<p>Der Liederkranz Ehningen e.V nimmt den Schutz personenbezogener Daten seiner Mitglieder und seiner Partner sehr ernst; er hat durch technische und organisatorische Ma\u00dfnahmen sichergestellt, dass die gesetzlichen Vorschriften \u00fcber den Datenschutz sowohl von ihm als auch von externen Dienstleistern beachtet und eingehalten werden. Die Beachtung dieser Verpflichtung wird vom Verein regelm\u00e4\u00dfig kontrolliert. Die Erhebung, Verarbeitung, Nutzung und Weitergabe von Daten erfolgt zum einen mit Einverst\u00e4ndnis des Dateninhabers, andererseits ausschlie\u00dflich zum Zweck der Erf\u00fcllung der Pflichten des Vereins. Die Weitergabe an Dritte erfolgt nur aus zwingenden Gr\u00fcnden und im Interesse des Vereins. Das betroffene Vereinsmitglied hat jederzeit die M\u00f6glichkeit, sich \u00fcber die Verwendung und den Verbleib seiner gesch\u00fctzten Daten zu informieren; er hat Anspruch auf Dokumentation der Einhaltung datenschutzrechtlicher Bestimmungen in Bezug auf ihn. Er hat das Recht, jederzeit eine erteilte Einwilligung zu widerrufen und die L\u00f6schung seiner Daten zu verlangen, Art. 17 DS-GVO.<\/p>\n<p>Partner des Vereins und Dritte werden durch die Einhaltung der Datenschutzbestimmungen durch die Verantwortlichen des Vereins in gleicher Weise gesch\u00fctzt. Es findet kein Verkauf oder keine unentgeltliche Weitergabe von Daten Dritter oder Partner des Vereins statt, es sei denn, es l\u00e4ge eine entsprechende Einwilligung vor.<\/p>\n<p>Bei der Einschaltung externer Dienstleister, denen personenbezogene Daten zur Verf\u00fcgung gestellt werden m\u00fcssen, ist durch Abschluss eines entsprechenden Vertrages sichergestellt, dass die Datenschutzbestimmungen in gleicher Weise auch vom beauftragten Unternehmen eingehalten werden.<\/p>\n<p>Im Fall des Widerrufs oder der Anzeige von falsch erhobenen Daten werden diese sofort gel\u00f6scht, Art. 21, 18 DS-GVO. Auf das Beschwerderecht bei einer Datenschutzaufsichtsbeh\u00f6rde (Art. 77 DS-GVO i. V. m. \u00a7 19 BDSG) wird ausdr\u00fccklich hingewiesen. F\u00fcr uns zust\u00e4ndig ist der Landesbeauftragte f\u00fcr den Datenschutz und die Informationsfreiheit Baden-W\u00fcrttemberg, K\u00f6nigstra\u00dfe 10a, 70173 Stuttgart.<\/p>\n<p>Quelle: Christian Heieck, Justiziar des Schw\u00e4bischen Chorverbandes<\/p>\n<h4>4.2 Zugriffsdaten<\/h4>\n<p style=\"text-align: left;\" align=\"justify\">Beim Aufrufen unserer Website&nbsp;werden durch den auf Ihrem Endger\u00e4t zum Einsatz kommenden Browser automatisch Informationen an den Server unserer Website gesendet. Diese Informationen werden tempor\u00e4r in einem sog. Logfile gespeichert. Folgende Informationen werden dabei ohne Ihr Zutun erfasst und bis zur automatisierten L\u00f6schung bis zu 7 Tagen gespeichert:<\/p>\n<ul>\n<li>\n<p align=\"justify\">IP-Adresse des anfragenden Rechners,<\/p>\n<\/li>\n<li>\n<p align=\"justify\">Datum und Uhrzeit des Zugriffs,<\/p>\n<\/li>\n<li>\n<p align=\"justify\">Name und URL der abgerufenen Datei,<\/p>\n<\/li>\n<li>\n<p align=\"justify\">Website, von der aus der Zugriff erfolgt (Referrer-URL),<\/p>\n<\/li>\n<li>\n<p align=\"justify\">verwendeter Browser und ggf. das Betriebssystem Ihres Rechners sowie der Name Ihres Access-Providers.<\/p>\n<\/li>\n<\/ul>\n<p align=\"justify\">Die genannten Daten werden durch uns zu folgenden Zwecken verarbeitet:<\/p>\n<ul>\n<li>\n<p align=\"justify\">Gew\u00e4hrleistung eines reibungslosen Verbindungsaufbaus der Website,<\/p>\n<\/li>\n<li>\n<p align=\"justify\">Gew\u00e4hrleistung einer komfortablen Nutzung unserer Website,<\/p>\n<\/li>\n<li>\n<p align=\"justify\">Auswertung der Systemsicherheit und -stabilit\u00e4t sowie<\/p>\n<\/li>\n<li>\n<p align=\"justify\">zu weiteren administrativen Zwecken.<\/p>\n<\/li>\n<\/ul>\n<p align=\"justify\">Die Rechtsgrundlage f\u00fcr die Datenverarbeitung ist Art.&nbsp;6 Abs.&nbsp;1 S.&nbsp;1 lit.&nbsp;f DSGVO. Unser berechtigtes Interesse folgt aus oben aufgelisteten Zwecken zur Datenerhebung. In keinem Fall verwenden wir die erhobenen Daten zu dem Zweck, R\u00fcckschl\u00fcsse auf Ihre Person zu ziehen.<\/p>\n<h4>4.3 Externe Links<\/h4>\n<p>Unsere Website enth\u00e4lt Verlinkungen zu anderen Websites. F\u00fcr den Umgang dieser externen Websites mit Pers\u00f6nlichkeitsrechten ist der Liederkranz Ehningen e.V. nicht verantwortlich. Wir empfehlen Ihnen daher, sich bei den Betreibern dieser externen Websites nach deren Datenschutzerkl\u00e4rung zu erkundigen.<\/p>\n<h4 align=\"justify\">4.4 Widerspruchsrecht<\/h4>\n<p align=\"justify\">Sofern Ihre personenbezogenen Daten auf Grundlage von berechtigten Interessen gem\u00e4\u00df Art.&nbsp;6 Abs.&nbsp;1 S.&nbsp;1 lit.&nbsp;f DSGVO verarbeitet werden, haben Sie das Recht, gem\u00e4\u00df Art.&nbsp;21 DSGVO Widerspruch gegen die Verarbeitung Ihrer personenbezogenen Daten einzulegen, soweit daf\u00fcr Gr\u00fcnde vorliegen, die sich aus Ihrer besonderen Situation ergeben oder sich der Widerspruch gegen Direktwerbung richtet. Im letzteren Fall haben Sie ein generelles Widerspruchsrecht, das ohne Angabe einer besonderen Situation von uns umgesetzt wird.<\/p>\n<p align=\"justify\">M\u00f6chten Sie von Ihrem Widerrufs- oder Widerspruchsrecht Gebrauch machen, gen\u00fcgt eine E-Mail an carmen.chor@online.de.<\/p>\n<h3>5. Rechtswirksamkeit dieses Haftungsausschlusses<\/h3>\n<p>Dieser Haftungsausschluss ist als Teil des Internetangebotes zu betrachten, von dem aus auf diese Seite verwiesen wurde. Sofern Teile oder einzelne Formulierungen dieses Textes der geltenden Rechtslage nicht, nicht mehr oder nicht vollst\u00e4ndig entsprechen sollten, bleiben die \u00fcbrigen Teile des Dokumentes in ihrem Inhalt und ihrer G\u00fcltigkeit davon unber\u00fchrt.<\/p>\n<p>&nbsp;<\/p>\n<p>Stand: 24.05.2018<\/p>\n","protected":false},"excerpt":{"rendered":"<p>LIEDERKRANZ EHNINGEN e.V. Gartenstr. 11 71139 Ehningen Telefon: 0176 42639904 Email: manfredk.lke@outlook.com Internet: www.liederkranz-ehningen.de Registergericht: Amtsgericht B\u00f6blingen, Registernummer VR 805. USt-ID LIEDERKRANZ EHNINGEN e.V. gem. \u00a7 27a UStG \u2013 Steuer-Nr.: FA B\u00f6blingen 56002\/01622 Bankverbindung: Ehninger Bank eG \u2013 BIC: GENODES1EHN \u2013 IBAN: DE63600693550004535006 Der Verein wird gem\u00e4\u00df \u00a7 26 BGB satzungsgem\u00e4\u00df durch den gesch\u00e4ftsf\u00fchrenden Vorstand &#8230; <a title=\"Impressum\/Datenschutz\" class=\"read-more\" href=\"https:\/\/www.liederkranz-ehningen.de\/?page_id=110\" aria-label=\"Mehr dazu unter Impressum\/Datenschutz\">Weiterlesen<\/a><\/p>\n","protected":false},"author":1,"featured_media":0,"parent":0,"menu_order":0,"comment_status":"closed","ping_status":"closed","template":"","meta":{"ngg_post_thumbnail":0,"footnotes":""},"_links":{"self":[{"href":"https:\/\/www.liederkranz-ehningen.de\/index.php?rest_route=\/wp\/v2\/pages\/110"}],"collection":[{"href":"https:\/\/www.liederkranz-ehningen.de\/index.php?rest_route=\/wp\/v2\/pages"}],"about":[{"href":"https:\/\/www.liederkranz-ehningen.de\/index.php?rest_route=\/wp\/v2\/types\/page"}],"author":[{"embeddable":true,"href":"https:\/\/www.liederkranz-ehningen.de\/index.php?rest_route=\/wp\/v2\/users\/1"}],"replies":[{"embeddable":true,"href":"https:\/\/www.liederkranz-ehningen.de\/index.php?rest_route=%2Fwp%2Fv2%2Fcomments&post=110"}],"version-history":[{"count":21,"href":"https:\/\/www.liederkranz-ehningen.de\/index.php?rest_route=\/wp\/v2\/pages\/110\/revisions"}],"predecessor-version":[{"id":5177,"href":"https:\/\/www.liederkranz-ehningen.de\/index.php?rest_route=\/wp\/v2\/pages\/110\/revisions\/5177"}],"wp:attachment":[{"href":"https:\/\/www.liederkranz-ehningen.de\/index.php?rest_route=%2Fwp%2Fv2%2Fmedia&parent=110"}],"curies":[{"name":"wp","href":"https:\/\/api.w.org\/{rel}","templated":true}]}}